{"id":37,"date":"2021-12-15T14:31:56","date_gmt":"2021-12-15T13:31:56","guid":{"rendered":"https:\/\/www.loyet.com\/agence-de-voyage\/voyages-et-sorties-pour-les-individuels\/"},"modified":"2026-04-24T16:39:05","modified_gmt":"2026-04-24T14:39:05","slug":"sortie-car-individuel","status":"publish","type":"page","link":"https:\/\/www.loyet.com\/en\/agence-de-voyage-autocar\/sortie-car-individuel\/","title":{"rendered":"Sorties et voyages pour les individuels"},"content":{"rendered":"\n<div class=\"wp-block-group has-white-background-color has-background\"><div class=\"wp-block-group__inner-container is-layout-flow wp-block-group-is-layout-flow\">\n<p class=\"has-large-font-size\">Seul ou en petit groupe, une journ\u00e9e ou en voyage avec un autre groupe, partez \u00e0 bord de nos autocars&nbsp;!<\/p>\n\n\n\n<h2 class=\"wp-block-heading\" id=\"des-excursions-a-la-journee-en-autocar-datees\"><strong>Des excursions \u00e0 la journ\u00e9e en autocar dat\u00e9es<\/strong><\/h2>\n\n\n\n<p>Ce sont des excursions en bus \u00e0 la journ\u00e9e organis\u00e9s pour personnes seules ou en petit groupe au d\u00e9part des principales villes de Tarentaise en Savoie (Aime et Mo\u00fbtiers), d&#8217;Albertville, et \u00e9ventuellement de Bourg-Saint-Maurice, Montm\u00e9lian, Chamb\u00e9ry et Annecy. Les autres points de d\u00e9part sont pr\u00e9cis\u00e9s sur les programmes d\u00e9taill\u00e9s. D&#8217;autres lieux de d\u00e9part peuvent \u00eatre envisag\u00e9s en fonction des inscriptions.<\/p>\n\n\n\n<p>\ud83d\udcc4 <strong>D\u00e9couvrez notre brochure 2026 des sorties ouvertes aux individuels en cliquant ici :<\/strong><br>\ud83d\udc49 <a href=\"https:\/\/heyzine.com\/flip-book\/0f897de9b8.html\"><strong>Voir la brochure en ligne<\/strong><\/a><\/p>\n\n\n\n<p>\ud83d\udc49 <a href=\"https:\/\/www.loyet.com\/wp-content\/uploads\/2026\/01\/Brochure-Gir-2026_compressed-1.pdf\" target=\"_blank\" rel=\"noreferrer noopener\"><strong>T\u00e9l\u00e9charger la brochure<\/strong><\/a><\/p>\n\n\n\n<p>Pour recevoir toutes nos prochaines sorties par email, inscrivez vous \u00e0 notre newsletter en cliquant ici : <a href=\"https:\/\/2frdo8.share-eu1.hsforms.com\/2wZVboxdcRwyQMril8vUp1Q\">S\u2019inscrire \u00e0 la newsletter<\/a> <\/p>\n\n\n\n<p>Pr\u00e9-r\u00e9servez votre place <a href=\"https:\/\/forms.gle\/Kh1nFLSjnkREd1B8A\">ici<\/a>. <\/p>\n<\/div><\/div>\n\n\n\n<p><\/p>\n\n\n\n<div class=\"wp-block-group has-white-background-color has-background\"><div class=\"wp-block-group__inner-container is-layout-flow wp-block-group-is-layout-flow\">\n<div class=\"wp-block-group\"><div class=\"wp-block-group__inner-container is-layout-flow wp-block-group-is-layout-flow\">\t\t<div id=\"block_b9b342ffa0ef784a0212790883e1c5e2\" class=\"image-text-slider\">\r\n\t\t\t\t\t\t\t\t\t<div class=\"image-text-slide\">\r\n\t\t\t\t\t\t\r\n\t\t\t\t\t\t<img loading=\"lazy\" decoding=\"async\" width=\"566\" height=\"800\" src=\"https:\/\/www.loyet.com\/wp-content\/uploads\/2026\/04\/Affiche-sejour-en-Alsace-1-566x800.png\" class=\"attachment-medium size-medium\" alt=\"\" srcset=\"https:\/\/www.loyet.com\/wp-content\/uploads\/2026\/04\/Affiche-sejour-en-Alsace-1-566x800.png 566w, https:\/\/www.loyet.com\/wp-content\/uploads\/2026\/04\/Affiche-sejour-en-Alsace-1-1357x1920.png 1357w, https:\/\/www.loyet.com\/wp-content\/uploads\/2026\/04\/Affiche-sejour-en-Alsace-1-768x1086.png 768w, https:\/\/www.loyet.com\/wp-content\/uploads\/2026\/04\/Affiche-sejour-en-Alsace-1-1086x1536.png 1086w, https:\/\/www.loyet.com\/wp-content\/uploads\/2026\/04\/Affiche-sejour-en-Alsace-1-1448x2048.png 1448w, https:\/\/www.loyet.com\/wp-content\/uploads\/2026\/04\/Affiche-sejour-en-Alsace-1-1x1.png 1w, https:\/\/www.loyet.com\/wp-content\/uploads\/2026\/04\/Affiche-sejour-en-Alsace-1.png 1587w\" sizes=\"auto, (max-width: 566px) 100vw, 566px\" \/>\t\t\t\t\t\t<div class=\"image-text-content-container\">\r\n\t\t\t\t\t\t\t<p><strong>S\u00e9jour aux march\u00e9s de no\u00ebl d&#8217;Alsace\u00a0<\/strong><\/p>\n<p><em>Alsace, France<\/em><\/p>\n<p><strong>Du vendredi 11 au dimanche 13 d\u00e9cembre 2026<\/strong><\/p>\n<p>A partir de <strong>431\u20ac<\/strong><\/p>\n<p><a href=\"https:\/\/www.loyet.com\/wp-content\/uploads\/2026\/04\/V1-Sejour-Marches-de-noel-dAlsace.pdf\" target=\"_blank\" rel=\"noopener\">Cliquez ici pour voir le programme d\u00e9taill\u00e9<\/a><\/p>\n\t\t\t\t\t\t<\/div>\r\n\r\n\t\t\t\t\t\t\t\t\t\t\t\t\t<\/div>\r\n\t\t\t\t\t\t\t\t\t\t\t\t<div class=\"image-text-slide\">\r\n\t\t\t\t\t\t\r\n\t\t\t\t\t\t<img loading=\"lazy\" decoding=\"async\" width=\"566\" height=\"800\" src=\"https:\/\/www.loyet.com\/wp-content\/uploads\/2026\/04\/GIR-Les-Grandes-Medievales-dAndilly-2026-2-566x800.png\" class=\"attachment-medium size-medium\" alt=\"\" srcset=\"https:\/\/www.loyet.com\/wp-content\/uploads\/2026\/04\/GIR-Les-Grandes-Medievales-dAndilly-2026-2-566x800.png 566w, https:\/\/www.loyet.com\/wp-content\/uploads\/2026\/04\/GIR-Les-Grandes-Medievales-dAndilly-2026-2-1357x1920.png 1357w, https:\/\/www.loyet.com\/wp-content\/uploads\/2026\/04\/GIR-Les-Grandes-Medievales-dAndilly-2026-2-768x1086.png 768w, https:\/\/www.loyet.com\/wp-content\/uploads\/2026\/04\/GIR-Les-Grandes-Medievales-dAndilly-2026-2-1086x1536.png 1086w, https:\/\/www.loyet.com\/wp-content\/uploads\/2026\/04\/GIR-Les-Grandes-Medievales-dAndilly-2026-2-1448x2048.png 1448w, https:\/\/www.loyet.com\/wp-content\/uploads\/2026\/04\/GIR-Les-Grandes-Medievales-dAndilly-2026-2-1x1.png 1w, https:\/\/www.loyet.com\/wp-content\/uploads\/2026\/04\/GIR-Les-Grandes-Medievales-dAndilly-2026-2.png 1587w\" sizes=\"auto, (max-width: 566px) 100vw, 566px\" \/>\t\t\t\t\t\t<div class=\"image-text-content-container\">\r\n\t\t\t\t\t\t\t<p>Sortie aux <strong>Grandes M\u00e9di\u00e9vales d&#8217;Andilly<\/strong>, Andilly, Haute-Savoie<\/p>\n<p><strong>Samedi 30 mai 2026<\/strong><\/p>\n<p>\u00c0 partir de <strong>63\u20ac<\/strong><\/p>\n<p><a href=\"https:\/\/www.loyet.com\/wp-content\/uploads\/2026\/04\/Programme-journee-Grande-medievales-dAndilly-Mai-2026-GIR-1.pdf\" target=\"_blank\" rel=\"noopener\">Cliquez ici pour voir le programme d\u00e9taill\u00e9<\/a><\/p>\n\t\t\t\t\t\t<\/div>\r\n\r\n\t\t\t\t\t\t\t\t\t\t\t\t\t<\/div>\r\n\t\t\t\t\t\t\t\t\t\t\t\t<div class=\"image-text-slide\">\r\n\t\t\t\t\t\t\r\n\t\t\t\t\t\t<img loading=\"lazy\" decoding=\"async\" width=\"566\" height=\"800\" src=\"https:\/\/www.loyet.com\/wp-content\/uploads\/2026\/03\/GIR-Fete-de-la-Tulipe-2026-1-566x800.png\" class=\"attachment-medium size-medium\" alt=\"\" srcset=\"https:\/\/www.loyet.com\/wp-content\/uploads\/2026\/03\/GIR-Fete-de-la-Tulipe-2026-1-566x800.png 566w, https:\/\/www.loyet.com\/wp-content\/uploads\/2026\/03\/GIR-Fete-de-la-Tulipe-2026-1-1357x1920.png 1357w, https:\/\/www.loyet.com\/wp-content\/uploads\/2026\/03\/GIR-Fete-de-la-Tulipe-2026-1-768x1086.png 768w, https:\/\/www.loyet.com\/wp-content\/uploads\/2026\/03\/GIR-Fete-de-la-Tulipe-2026-1-1086x1536.png 1086w, https:\/\/www.loyet.com\/wp-content\/uploads\/2026\/03\/GIR-Fete-de-la-Tulipe-2026-1-1448x2048.png 1448w, https:\/\/www.loyet.com\/wp-content\/uploads\/2026\/03\/GIR-Fete-de-la-Tulipe-2026-1-1x1.png 1w, https:\/\/www.loyet.com\/wp-content\/uploads\/2026\/03\/GIR-Fete-de-la-Tulipe-2026-1.png 1587w\" sizes=\"auto, (max-width: 566px) 100vw, 566px\" \/>\t\t\t\t\t\t<div class=\"image-text-content-container\">\r\n\t\t\t\t\t\t\t<p>Sortie \u00e0 la <strong>F\u00eate de la Tulipe<\/strong>, Morges, Suisse<\/p>\n<p><strong>Samedi 25 avril 2026<\/strong><\/p>\n<p>\u00c0 partir de <strong>41\u20ac<\/strong><\/p>\n<p><a href=\"https:\/\/www.loyet.com\/wp-content\/uploads\/2026\/03\/Programme-Fete-de-la-Tulipe-2026-GIR.pdf\" target=\"_blank\" rel=\"noopener\">Cliquez ici pour voir le programme d\u00e9taill\u00e9<\/a><\/p>\n\t\t\t\t\t\t<\/div>\r\n\r\n\t\t\t\t\t\t\t\t\t\t\t\t\t<\/div>\r\n\t\t\t\t\t\t\t\t\t\t\t\t<div class=\"image-text-slide\">\r\n\t\t\t\t\t\t\r\n\t\t\t\t\t\t<img loading=\"lazy\" decoding=\"async\" width=\"566\" height=\"800\" src=\"https:\/\/www.loyet.com\/wp-content\/uploads\/2026\/03\/GIR-Marche-de-Turin-Mai-2026-1-566x800.png\" class=\"attachment-medium size-medium\" alt=\"\" srcset=\"https:\/\/www.loyet.com\/wp-content\/uploads\/2026\/03\/GIR-Marche-de-Turin-Mai-2026-1-566x800.png 566w, https:\/\/www.loyet.com\/wp-content\/uploads\/2026\/03\/GIR-Marche-de-Turin-Mai-2026-1-1357x1920.png 1357w, https:\/\/www.loyet.com\/wp-content\/uploads\/2026\/03\/GIR-Marche-de-Turin-Mai-2026-1-768x1086.png 768w, https:\/\/www.loyet.com\/wp-content\/uploads\/2026\/03\/GIR-Marche-de-Turin-Mai-2026-1-1086x1536.png 1086w, https:\/\/www.loyet.com\/wp-content\/uploads\/2026\/03\/GIR-Marche-de-Turin-Mai-2026-1-1x1.png 1w, https:\/\/www.loyet.com\/wp-content\/uploads\/2026\/03\/GIR-Marche-de-Turin-Mai-2026-1.png 1414w\" sizes=\"auto, (max-width: 566px) 100vw, 566px\" \/>\t\t\t\t\t\t<div class=\"image-text-content-container\">\r\n\t\t\t\t\t\t\t<p>Sortie au<strong> March\u00e9 de Turin<\/strong>, Italie<\/p>\n<p><strong>Samedi 18 avril 2026<\/strong><\/p>\n<p>\u00c0 partir de <strong>47\u20ac<\/strong><\/p>\n<p><a href=\"https:\/\/www.loyet.com\/wp-content\/uploads\/2026\/03\/Programme-journee-Marche-de-Turin-Mai-2026-GIR.pdf\" target=\"_blank\" rel=\"noopener\">Cliquez ici pour voir le programme d\u00e9taill\u00e9<\/a><\/p>\n\t\t\t\t\t\t<\/div>\r\n\r\n\t\t\t\t\t\t\t\t\t\t\t\t\t<\/div>\r\n\t\t\t\t\t\t\t\t\t\t\t\t<div class=\"image-text-slide\">\r\n\t\t\t\t\t\t\r\n\t\t\t\t\t\t<img loading=\"lazy\" decoding=\"async\" width=\"566\" height=\"800\" src=\"https:\/\/www.loyet.com\/wp-content\/uploads\/2026\/02\/GIR-Festichoc-2026-566x800.jpg\" class=\"attachment-medium size-medium\" alt=\"Sortie journ\u00e9e; chocolat, autocar, Voyages Loyet, Suisse,; Mars 2026; Festichoc; Festival chocolat\" srcset=\"https:\/\/www.loyet.com\/wp-content\/uploads\/2026\/02\/GIR-Festichoc-2026-566x800.jpg 566w, https:\/\/www.loyet.com\/wp-content\/uploads\/2026\/02\/GIR-Festichoc-2026-1357x1920.jpg 1357w, https:\/\/www.loyet.com\/wp-content\/uploads\/2026\/02\/GIR-Festichoc-2026-768x1086.jpg 768w, https:\/\/www.loyet.com\/wp-content\/uploads\/2026\/02\/GIR-Festichoc-2026-1086x1536.jpg 1086w, https:\/\/www.loyet.com\/wp-content\/uploads\/2026\/02\/GIR-Festichoc-2026-1448x2048.jpg 1448w, https:\/\/www.loyet.com\/wp-content\/uploads\/2026\/02\/GIR-Festichoc-2026-1x1.jpg 1w, https:\/\/www.loyet.com\/wp-content\/uploads\/2026\/02\/GIR-Festichoc-2026.jpg 1587w\" sizes=\"auto, (max-width: 566px) 100vw, 566px\" \/>\t\t\t\t\t\t<div class=\"image-text-content-container\">\r\n\t\t\t\t\t\t\t<p><strong>Sortie au Festival du chocolat Festichoc<\/strong><\/p>\n<p><em>Versoix, Suisse<\/em><\/p>\n<p><strong>Dimanche 22 mars 2026<\/strong><\/p>\n<p>\u00c0 partir de <strong>43\u20ac<\/strong><\/p>\n<p><a href=\"https:\/\/www.loyet.com\/wp-content\/uploads\/2026\/02\/Programme-Journee-Festichoc-2026.pdf\" target=\"_blank\" rel=\"noopener\">Cliquez ici pour voir le programme d\u00e9taill\u00e9<\/a><\/p>\n\t\t\t\t\t\t<\/div>\r\n\r\n\t\t\t\t\t\t\t\t\t\t\t\t\t<\/div>\r\n\t\t\t\t\t\t\t\t\t\t\t\t<div class=\"image-text-slide\">\r\n\t\t\t\t\t\t\r\n\t\t\t\t\t\t<img loading=\"lazy\" decoding=\"async\" width=\"566\" height=\"800\" src=\"https:\/\/www.loyet.com\/wp-content\/uploads\/2026\/02\/Affiche-les-5-Terres-566x800.png\" class=\"attachment-medium size-medium\" alt=\"\" srcset=\"https:\/\/www.loyet.com\/wp-content\/uploads\/2026\/02\/Affiche-les-5-Terres-566x800.png 566w, https:\/\/www.loyet.com\/wp-content\/uploads\/2026\/02\/Affiche-les-5-Terres-1357x1920.png 1357w, https:\/\/www.loyet.com\/wp-content\/uploads\/2026\/02\/Affiche-les-5-Terres-768x1086.png 768w, https:\/\/www.loyet.com\/wp-content\/uploads\/2026\/02\/Affiche-les-5-Terres-1086x1536.png 1086w, https:\/\/www.loyet.com\/wp-content\/uploads\/2026\/02\/Affiche-les-5-Terres-1448x2048.png 1448w, https:\/\/www.loyet.com\/wp-content\/uploads\/2026\/02\/Affiche-les-5-Terres-1x1.png 1w, https:\/\/www.loyet.com\/wp-content\/uploads\/2026\/02\/Affiche-les-5-Terres.png 1587w\" sizes=\"auto, (max-width: 566px) 100vw, 566px\" \/>\t\t\t\t\t\t<div class=\"image-text-content-container\">\r\n\t\t\t\t\t\t\t<p><strong>S\u00e9jour aux Cinq Terres<\/strong><\/p>\n<p><em>Italie<\/em><\/p>\n<p><strong>Du vendredi 17 au dimanche 19 avril 2026<\/strong><\/p>\n<p>A partir de <strong>609\u20ac<\/strong><\/p>\n<p><a href=\"https:\/\/www.loyet.com\/wp-content\/uploads\/2025\/12\/Programme-Sejour-Cinq-Terres.pdf\" target=\"_blank\" rel=\"noopener\">Cliquez ici pour voir le programme d\u00e9taill\u00e9<\/a><\/p>\n\t\t\t\t\t\t<\/div>\r\n\r\n\t\t\t\t\t\t\t\t\t\t\t\t\t<\/div>\r\n\t\t\t\t\t\t\t\t\t\t\t\t<div class=\"image-text-slide\">\r\n\t\t\t\t\t\t\r\n\t\t\t\t\t\t<img loading=\"lazy\" decoding=\"async\" width=\"566\" height=\"800\" src=\"https:\/\/www.loyet.com\/wp-content\/uploads\/2026\/01\/GIR-Fete-de-la-St-Ours-2026-2-566x800.png\" class=\"attachment-medium size-medium\" alt=\"\" srcset=\"https:\/\/www.loyet.com\/wp-content\/uploads\/2026\/01\/GIR-Fete-de-la-St-Ours-2026-2-566x800.png 566w, https:\/\/www.loyet.com\/wp-content\/uploads\/2026\/01\/GIR-Fete-de-la-St-Ours-2026-2-1357x1920.png 1357w, https:\/\/www.loyet.com\/wp-content\/uploads\/2026\/01\/GIR-Fete-de-la-St-Ours-2026-2-768x1086.png 768w, https:\/\/www.loyet.com\/wp-content\/uploads\/2026\/01\/GIR-Fete-de-la-St-Ours-2026-2-1086x1536.png 1086w, https:\/\/www.loyet.com\/wp-content\/uploads\/2026\/01\/GIR-Fete-de-la-St-Ours-2026-2-1448x2048.png 1448w, https:\/\/www.loyet.com\/wp-content\/uploads\/2026\/01\/GIR-Fete-de-la-St-Ours-2026-2-1x1.png 1w, https:\/\/www.loyet.com\/wp-content\/uploads\/2026\/01\/GIR-Fete-de-la-St-Ours-2026-2.png 1587w\" sizes=\"auto, (max-width: 566px) 100vw, 566px\" \/>\t\t\t\t\t\t<div class=\"image-text-content-container\">\r\n\t\t\t\t\t\t\t<p><strong>Sortie \u00e0 la Foire de la St Ours<\/strong><\/p>\n<p><em>Aoste<\/em><\/p>\n<p><strong>Vendredi 30 janvier 2026<\/strong><\/p>\n<p>A partir de <strong>49\u20ac<\/strong><\/p>\n<p><a href=\"https:\/\/www.loyet.com\/wp-content\/uploads\/2026\/01\/Programme-Sortie-Foire-St-Ours-2026.pdf\" target=\"_blank\" rel=\"noopener\">Cliquez ici pour voir le programme d\u00e9taill\u00e9<\/a><\/p>\n\t\t\t\t\t\t<\/div>\r\n\r\n\t\t\t\t\t\t\t\t\t\t\t\t\t<\/div>\r\n\t\t\t\t\t\t\t\t\t\t\t\t<div class=\"image-text-slide\">\r\n\t\t\t\t\t\t\r\n\t\t\t\t\t\t<img loading=\"lazy\" decoding=\"async\" width=\"566\" height=\"800\" src=\"https:\/\/www.loyet.com\/wp-content\/uploads\/2025\/11\/Affiche-Gir-Marche-de-noel_page-0001-566x800.jpg\" class=\"attachment-medium size-medium\" alt=\"\" srcset=\"https:\/\/www.loyet.com\/wp-content\/uploads\/2025\/11\/Affiche-Gir-Marche-de-noel_page-0001-566x800.jpg 566w, https:\/\/www.loyet.com\/wp-content\/uploads\/2025\/11\/Affiche-Gir-Marche-de-noel_page-0001-1359x1920.jpg 1359w, https:\/\/www.loyet.com\/wp-content\/uploads\/2025\/11\/Affiche-Gir-Marche-de-noel_page-0001-768x1085.jpg 768w, https:\/\/www.loyet.com\/wp-content\/uploads\/2025\/11\/Affiche-Gir-Marche-de-noel_page-0001-1087x1536.jpg 1087w, https:\/\/www.loyet.com\/wp-content\/uploads\/2025\/11\/Affiche-Gir-Marche-de-noel_page-0001-1449x2048.jpg 1449w, https:\/\/www.loyet.com\/wp-content\/uploads\/2025\/11\/Affiche-Gir-Marche-de-noel_page-0001-1x1.jpg 1w, https:\/\/www.loyet.com\/wp-content\/uploads\/2025\/11\/Affiche-Gir-Marche-de-noel_page-0001.jpg 1755w\" sizes=\"auto, (max-width: 566px) 100vw, 566px\" \/>\t\t\t\t\t\t<div class=\"image-text-content-container\">\r\n\t\t\t\t\t\t\t<p><strong>Sortie au March\u00e9 de Noel d&#8217;Annecy<\/strong><\/p>\n<p><em>Annecy<\/em><\/p>\n<p><strong>Samedi 13 d\u00e9cembre 2025<\/strong><\/p>\n<p>A partir de <strong>35\u20ac<\/strong><\/p>\n<p><a href=\"https:\/\/www.loyet.com\/wp-content\/uploads\/2025\/11\/Programme-Marche-de-noel-GIR-2025.pdf\" target=\"_blank\" rel=\"noopener\">Cliquez ici pour voir le programme d\u00e9taill\u00e9<\/a><\/p>\n\t\t\t\t\t\t<\/div>\r\n\r\n\t\t\t\t\t\t\t\t\t\t\t\t\t<\/div>\r\n\t\t\t\t\t\t\t\t\t\t\t\t<div class=\"image-text-slide\">\r\n\t\t\t\t\t\t\r\n\t\t\t\t\t\t<img loading=\"lazy\" decoding=\"async\" width=\"566\" height=\"800\" src=\"https:\/\/www.loyet.com\/wp-content\/uploads\/2025\/10\/GIR-Fete-des-lumieres-Affiche-2025_page-0001-566x800.jpg\" class=\"attachment-medium size-medium\" alt=\"Soir\u00e9e \u00e0 la f\u00eate des Lumi\u00e8res de Lyon\" srcset=\"https:\/\/www.loyet.com\/wp-content\/uploads\/2025\/10\/GIR-Fete-des-lumieres-Affiche-2025_page-0001-566x800.jpg 566w, https:\/\/www.loyet.com\/wp-content\/uploads\/2025\/10\/GIR-Fete-des-lumieres-Affiche-2025_page-0001-768x1086.jpg 768w, https:\/\/www.loyet.com\/wp-content\/uploads\/2025\/10\/GIR-Fete-des-lumieres-Affiche-2025_page-0001-1086x1536.jpg 1086w, https:\/\/www.loyet.com\/wp-content\/uploads\/2025\/10\/GIR-Fete-des-lumieres-Affiche-2025_page-0001-1x1.jpg 1w, https:\/\/www.loyet.com\/wp-content\/uploads\/2025\/10\/GIR-Fete-des-lumieres-Affiche-2025_page-0001.jpg 1241w\" sizes=\"auto, (max-width: 566px) 100vw, 566px\" \/>\t\t\t\t\t\t<div class=\"image-text-content-container\">\r\n\t\t\t\t\t\t\t<p><strong>Sortie soir\u00e9e \u00e0 la F\u00eate des Lumi\u00e8res<\/strong><\/p>\n<p><em>Lyon<\/em><\/p>\n<p><strong>Samedi 6 d\u00e9cembre 2025<\/strong><\/p>\n<p>A partir de <strong>41\u20ac<\/strong><\/p>\n<p><a href=\"https:\/\/www.loyet.com\/wp-content\/uploads\/2025\/11\/Programme-Fete-des-lumieres-GIR-2025.pdf\" target=\"_blank\" rel=\"noopener\">Cliquez ici pour voir le programme d\u00e9taill\u00e9<\/a><\/p>\n\t\t\t\t\t\t<\/div>\r\n\r\n\t\t\t\t\t\t\t\t\t\t\t\t\t<\/div>\r\n\t\t\t\t\t\t\t\t\t\t\t\t<div class=\"image-text-slide\">\r\n\t\t\t\t\t\t\r\n\t\t\t\t\t\t<img loading=\"lazy\" decoding=\"async\" width=\"566\" height=\"800\" src=\"https:\/\/www.loyet.com\/wp-content\/uploads\/2025\/10\/Affiche-Journee-au-Grand-Parc-de-noel_page-0001-566x800.jpg\" class=\"attachment-medium size-medium\" alt=\"Journ\u00e9e au Grand Parc de Noel\" srcset=\"https:\/\/www.loyet.com\/wp-content\/uploads\/2025\/10\/Affiche-Journee-au-Grand-Parc-de-noel_page-0001-566x800.jpg 566w, https:\/\/www.loyet.com\/wp-content\/uploads\/2025\/10\/Affiche-Journee-au-Grand-Parc-de-noel_page-0001-1359x1920.jpg 1359w, https:\/\/www.loyet.com\/wp-content\/uploads\/2025\/10\/Affiche-Journee-au-Grand-Parc-de-noel_page-0001-768x1085.jpg 768w, https:\/\/www.loyet.com\/wp-content\/uploads\/2025\/10\/Affiche-Journee-au-Grand-Parc-de-noel_page-0001-1087x1536.jpg 1087w, https:\/\/www.loyet.com\/wp-content\/uploads\/2025\/10\/Affiche-Journee-au-Grand-Parc-de-noel_page-0001-1449x2048.jpg 1449w, https:\/\/www.loyet.com\/wp-content\/uploads\/2025\/10\/Affiche-Journee-au-Grand-Parc-de-noel_page-0001-1x1.jpg 1w, https:\/\/www.loyet.com\/wp-content\/uploads\/2025\/10\/Affiche-Journee-au-Grand-Parc-de-noel_page-0001.jpg 1755w\" sizes=\"auto, (max-width: 566px) 100vw, 566px\" \/>\t\t\t\t\t\t<div class=\"image-text-content-container\">\r\n\t\t\t\t\t\t\t<p><strong>Sortie journ\u00e9e au Grand Parc de No\u00ebl d&#8217;Andilly<\/strong><\/p>\n<p><em>Andilly<\/em><\/p>\n<p><strong>Samedi 29 novembre 2025<\/strong><\/p>\n<p>A partir de <strong>59\u20ac<\/strong><\/p>\n<p><a href=\"https:\/\/www.loyet.com\/wp-content\/uploads\/2025\/11\/Programme-journee-Grand-Parc-de-Noel-29-novembre-2025-GIR.pdf\" target=\"_blank\" rel=\"noopener\">Cliquez ici pour voir le programme d\u00e9taill\u00e9<\/a><\/p>\n\t\t\t\t\t\t<\/div>\r\n\r\n\t\t\t\t\t\t\t\t\t\t\t\t\t<\/div>\r\n\t\t\t\t\t\t\t\t\t\t\t\t<div class=\"image-text-slide\">\r\n\t\t\t\t\t\t\r\n\t\t\t\t\t\t<img loading=\"lazy\" decoding=\"async\" width=\"566\" height=\"800\" src=\"https:\/\/www.loyet.com\/wp-content\/uploads\/2025\/09\/Affiche-diner-spectacle-Lyon-Cirque-Imagine-Voyages-Loyet-2-566x800.png\" class=\"attachment-medium size-medium\" alt=\"\" srcset=\"https:\/\/www.loyet.com\/wp-content\/uploads\/2025\/09\/Affiche-diner-spectacle-Lyon-Cirque-Imagine-Voyages-Loyet-2-566x800.png 566w, https:\/\/www.loyet.com\/wp-content\/uploads\/2025\/09\/Affiche-diner-spectacle-Lyon-Cirque-Imagine-Voyages-Loyet-2-1357x1920.png 1357w, https:\/\/www.loyet.com\/wp-content\/uploads\/2025\/09\/Affiche-diner-spectacle-Lyon-Cirque-Imagine-Voyages-Loyet-2-768x1086.png 768w, https:\/\/www.loyet.com\/wp-content\/uploads\/2025\/09\/Affiche-diner-spectacle-Lyon-Cirque-Imagine-Voyages-Loyet-2-1086x1536.png 1086w, https:\/\/www.loyet.com\/wp-content\/uploads\/2025\/09\/Affiche-diner-spectacle-Lyon-Cirque-Imagine-Voyages-Loyet-2-1x1.png 1w, https:\/\/www.loyet.com\/wp-content\/uploads\/2025\/09\/Affiche-diner-spectacle-Lyon-Cirque-Imagine-Voyages-Loyet-2.png 1414w\" sizes=\"auto, (max-width: 566px) 100vw, 566px\" \/>\t\t\t\t\t\t<div class=\"image-text-content-container\">\r\n\t\t\t\t\t\t\t<p><strong>Un diner spectacle au CIRQUE IMAGINE\u00a0\u00a0<\/strong><\/p>\n<p><em>Lyon<\/em><\/p>\n<p><strong>Samedi 15 novembre 2025<\/strong><\/p>\n<p>A partir de <strong>125\u20ac<\/strong><\/p>\n<p><a href=\"https:\/\/www.loyet.com\/wp-content\/uploads\/2025\/09\/Programme-diner-spectacle-Lyon-15-novembre-2025-GIR.pdf\" target=\"_blank\" rel=\"noopener\">Cliquez ici pour voir le programme d\u00e9taill\u00e9<\/a><\/p>\n\t\t\t\t\t\t<\/div>\r\n\r\n\t\t\t\t\t\t\t\t\t\t\t\t\t<\/div>\r\n\t\t\t\t\t\t\t\t\t\t\t\t<div class=\"image-text-slide\">\r\n\t\t\t\t\t\t\r\n\t\t\t\t\t\t<img loading=\"lazy\" decoding=\"async\" width=\"566\" height=\"800\" src=\"https:\/\/www.loyet.com\/wp-content\/uploads\/2025\/09\/Affiche-Turin-Oct-2025_page-0001-1-scaled-566x800.jpg\" class=\"attachment-medium size-medium\" alt=\"\" srcset=\"https:\/\/www.loyet.com\/wp-content\/uploads\/2025\/09\/Affiche-Turin-Oct-2025_page-0001-1-scaled-566x800.jpg 566w, https:\/\/www.loyet.com\/wp-content\/uploads\/2025\/09\/Affiche-Turin-Oct-2025_page-0001-1-scaled-1358x1920.jpg 1358w, https:\/\/www.loyet.com\/wp-content\/uploads\/2025\/09\/Affiche-Turin-Oct-2025_page-0001-1-scaled-768x1086.jpg 768w, https:\/\/www.loyet.com\/wp-content\/uploads\/2025\/09\/Affiche-Turin-Oct-2025_page-0001-1-scaled-1086x1536.jpg 1086w, https:\/\/www.loyet.com\/wp-content\/uploads\/2025\/09\/Affiche-Turin-Oct-2025_page-0001-1-scaled-1448x2048.jpg 1448w, https:\/\/www.loyet.com\/wp-content\/uploads\/2025\/09\/Affiche-Turin-Oct-2025_page-0001-1-scaled-1x1.jpg 1w, https:\/\/www.loyet.com\/wp-content\/uploads\/2025\/09\/Affiche-Turin-Oct-2025_page-0001-1-scaled.jpg 1810w\" sizes=\"auto, (max-width: 566px) 100vw, 566px\" \/>\t\t\t\t\t\t<div class=\"image-text-content-container\">\r\n\t\t\t\t\t\t\t<p><strong>Une Journ\u00e9e au March\u00e9 de Turin<\/strong><\/p>\n<p><em>Turin, Italie<\/em><\/p>\n<p><strong>Samedi 18 octobre 2025<\/strong><\/p>\n<p>A partir de <strong>47\u20ac<\/strong><\/p>\n<p><a href=\"https:\/\/www.loyet.com\/wp-content\/uploads\/2025\/09\/Programme-journee-Marche-de-Turin-18-octobre-2025-GIR_compressed.pdf\" target=\"_blank\" rel=\"noopener\">Cliquez ici pour voir le programme d\u00e9taill\u00e9<\/a><\/p>\n\t\t\t\t\t\t<\/div>\r\n\r\n\t\t\t\t\t\t\t\t\t\t\t\t\t<\/div>\r\n\t\t\t\t\t\t\t\t\t\t\t\t<div class=\"image-text-slide\">\r\n\t\t\t\t\t\t\r\n\t\t\t\t\t\t<img loading=\"lazy\" decoding=\"async\" width=\"566\" height=\"800\" src=\"https:\/\/www.loyet.com\/wp-content\/uploads\/2025\/09\/LAiguille-du-Midi-et-Chamonix-GIR_page-0001-scaled-566x800.jpg\" class=\"attachment-medium size-medium\" alt=\"\" srcset=\"https:\/\/www.loyet.com\/wp-content\/uploads\/2025\/09\/LAiguille-du-Midi-et-Chamonix-GIR_page-0001-scaled-566x800.jpg 566w, https:\/\/www.loyet.com\/wp-content\/uploads\/2025\/09\/LAiguille-du-Midi-et-Chamonix-GIR_page-0001-scaled-1358x1920.jpg 1358w, https:\/\/www.loyet.com\/wp-content\/uploads\/2025\/09\/LAiguille-du-Midi-et-Chamonix-GIR_page-0001-scaled-768x1086.jpg 768w, https:\/\/www.loyet.com\/wp-content\/uploads\/2025\/09\/LAiguille-du-Midi-et-Chamonix-GIR_page-0001-scaled-1086x1536.jpg 1086w, https:\/\/www.loyet.com\/wp-content\/uploads\/2025\/09\/LAiguille-du-Midi-et-Chamonix-GIR_page-0001-scaled-1448x2048.jpg 1448w, https:\/\/www.loyet.com\/wp-content\/uploads\/2025\/09\/LAiguille-du-Midi-et-Chamonix-GIR_page-0001-scaled-1x1.jpg 1w, https:\/\/www.loyet.com\/wp-content\/uploads\/2025\/09\/LAiguille-du-Midi-et-Chamonix-GIR_page-0001-scaled.jpg 1810w\" sizes=\"auto, (max-width: 566px) 100vw, 566px\" \/>\t\t\t\t\t\t<div class=\"image-text-content-container\">\r\n\t\t\t\t\t\t\t<p><strong>Une Journ\u00e9e \u00e0 l&#8217;Aiguille du Midi<\/strong><\/p>\n<p><em>Chamonix<\/em><\/p>\n<p><strong>Samedi 4 octobre 2025<\/strong><\/p>\n<p>A partir de <strong>119\u20ac<\/strong><\/p>\n<p><a href=\"https:\/\/www.loyet.com\/wp-content\/uploads\/2025\/09\/Programme-journee-Aiguille-du-Midi-4-octobre-2025-GIR.pdf\" target=\"_blank\" rel=\"noopener\">Cliquez ici pour voir le programme d\u00e9taill\u00e9<\/a><\/p>\n\t\t\t\t\t\t<\/div>\r\n\r\n\t\t\t\t\t\t\t\t\t\t\t\t\t<\/div>\r\n\t\t\t\t\t\t\t\t\t\t\t\t<div class=\"image-text-slide\">\r\n\t\t\t\t\t\t\r\n\t\t\t\t\t\t<img loading=\"lazy\" decoding=\"async\" width=\"566\" height=\"800\" src=\"https:\/\/www.loyet.com\/wp-content\/uploads\/2025\/07\/GIR-LYON-Affiche_page-0001-scaled-566x800.jpg\" class=\"attachment-medium size-medium\" alt=\"Journ\u00e9e \u00e0 Lyon\n\nSamedi 23 Ao\u00fbt\n\nA partir de 49\u20ac\n\nCliquez ici pour voir le programme d\u00e9taill\u00e9\" srcset=\"https:\/\/www.loyet.com\/wp-content\/uploads\/2025\/07\/GIR-LYON-Affiche_page-0001-scaled-566x800.jpg 566w, https:\/\/www.loyet.com\/wp-content\/uploads\/2025\/07\/GIR-LYON-Affiche_page-0001-scaled-1358x1920.jpg 1358w, https:\/\/www.loyet.com\/wp-content\/uploads\/2025\/07\/GIR-LYON-Affiche_page-0001-scaled-768x1086.jpg 768w, https:\/\/www.loyet.com\/wp-content\/uploads\/2025\/07\/GIR-LYON-Affiche_page-0001-scaled-1086x1536.jpg 1086w, https:\/\/www.loyet.com\/wp-content\/uploads\/2025\/07\/GIR-LYON-Affiche_page-0001-scaled-1448x2048.jpg 1448w, https:\/\/www.loyet.com\/wp-content\/uploads\/2025\/07\/GIR-LYON-Affiche_page-0001-scaled-1x1.jpg 1w, https:\/\/www.loyet.com\/wp-content\/uploads\/2025\/07\/GIR-LYON-Affiche_page-0001-scaled.jpg 1810w\" sizes=\"auto, (max-width: 566px) 100vw, 566px\" \/>\t\t\t\t\t\t<div class=\"image-text-content-container\">\r\n\t\t\t\t\t\t\t<p><strong>Une Journ\u00e9e \u00e0 Lyon<\/strong><\/p>\n<p><em>Lyon<\/em><\/p>\n<p><strong>Samedi 23 Ao\u00fbt 2025<\/strong><\/p>\n<p>A partir de <strong>49\u20ac<\/strong><\/p>\n<p><a href=\"https:\/\/www.loyet.com\/wp-content\/uploads\/2025\/07\/Programme-journee-Lyon-23-aout-2025-GIR.pdf\" target=\"_blank\" rel=\"noopener\">Cliquez ici pour voir le programme d\u00e9taill\u00e9<\/a><\/p>\n<p>&nbsp;<\/p>\n\t\t\t\t\t\t<\/div>\r\n\r\n\t\t\t\t\t\t\t\t\t\t\t\t\t<\/div>\r\n\t\t\t\t\t\t\t\t\t\t\t\t<div class=\"image-text-slide\">\r\n\t\t\t\t\t\t\r\n\t\t\t\t\t\t<img loading=\"lazy\" decoding=\"async\" width=\"566\" height=\"800\" src=\"https:\/\/www.loyet.com\/wp-content\/uploads\/2025\/07\/Affiche-ALPS-MUSIC-FESTIVAL-VOYAGES-LOYET_page-0001-566x800.jpg\" class=\"attachment-medium size-medium\" alt=\"\" srcset=\"https:\/\/www.loyet.com\/wp-content\/uploads\/2025\/07\/Affiche-ALPS-MUSIC-FESTIVAL-VOYAGES-LOYET_page-0001-566x800.jpg 566w, https:\/\/www.loyet.com\/wp-content\/uploads\/2025\/07\/Affiche-ALPS-MUSIC-FESTIVAL-VOYAGES-LOYET_page-0001-1359x1920.jpg 1359w, https:\/\/www.loyet.com\/wp-content\/uploads\/2025\/07\/Affiche-ALPS-MUSIC-FESTIVAL-VOYAGES-LOYET_page-0001-768x1085.jpg 768w, https:\/\/www.loyet.com\/wp-content\/uploads\/2025\/07\/Affiche-ALPS-MUSIC-FESTIVAL-VOYAGES-LOYET_page-0001-1087x1536.jpg 1087w, https:\/\/www.loyet.com\/wp-content\/uploads\/2025\/07\/Affiche-ALPS-MUSIC-FESTIVAL-VOYAGES-LOYET_page-0001-1449x2048.jpg 1449w, https:\/\/www.loyet.com\/wp-content\/uploads\/2025\/07\/Affiche-ALPS-MUSIC-FESTIVAL-VOYAGES-LOYET_page-0001-1x1.jpg 1w, https:\/\/www.loyet.com\/wp-content\/uploads\/2025\/07\/Affiche-ALPS-MUSIC-FESTIVAL-VOYAGES-LOYET_page-0001.jpg 1755w\" sizes=\"auto, (max-width: 566px) 100vw, 566px\" \/>\t\t\t\t\t\t<div class=\"image-text-content-container\">\r\n\t\t\t\t\t\t\t<p><strong>ALPS MUSIC FESTIVAL<\/strong><\/p>\n<p><em>Th\u00f4nes<\/em><\/p>\n<p><strong>Samedi 30 Ao\u00fbt<\/strong><\/p>\n<p>A partir de <strong>105\u20ac<\/strong><\/p>\n<p><a href=\"https:\/\/www.loyet.com\/wp-content\/uploads\/2025\/06\/Programme-ALPS-MUSIC-FESTIVAL-2025-VOYAGES-LOYET.pdf\" target=\"_blank\" rel=\"noopener\">Cliquez ici pour voir le programme d\u00e9taill\u00e9<\/a><\/p>\n\t\t\t\t\t\t<\/div>\r\n\r\n\t\t\t\t\t\t\t\t\t\t\t\t\t<\/div>\r\n\t\t\t\t\t\t\t\t\t\t\t\t<div class=\"image-text-slide\">\r\n\t\t\t\t\t\t\r\n\t\t\t\t\t\t<img loading=\"lazy\" decoding=\"async\" width=\"566\" height=\"800\" src=\"https:\/\/www.loyet.com\/wp-content\/uploads\/2025\/06\/Time-to-Travel-1-566x800.png\" class=\"attachment-medium size-medium\" alt=\"Bus autocar sortie suisse\" srcset=\"https:\/\/www.loyet.com\/wp-content\/uploads\/2025\/06\/Time-to-Travel-1-566x800.png 566w, https:\/\/www.loyet.com\/wp-content\/uploads\/2025\/06\/Time-to-Travel-1-1357x1920.png 1357w, https:\/\/www.loyet.com\/wp-content\/uploads\/2025\/06\/Time-to-Travel-1-768x1086.png 768w, https:\/\/www.loyet.com\/wp-content\/uploads\/2025\/06\/Time-to-Travel-1-1086x1536.png 1086w, https:\/\/www.loyet.com\/wp-content\/uploads\/2025\/06\/Time-to-Travel-1-1448x2048.png 1448w, https:\/\/www.loyet.com\/wp-content\/uploads\/2025\/06\/Time-to-Travel-1-1x1.png 1w, https:\/\/www.loyet.com\/wp-content\/uploads\/2025\/06\/Time-to-Travel-1.png 1587w\" sizes=\"auto, (max-width: 566px) 100vw, 566px\" \/>\t\t\t\t\t\t<div class=\"image-text-content-container\">\r\n\t\t\t\t\t\t\t<p><strong>JOURN\u00c9E A GENEVE<\/strong><\/p>\n<p><em>Suisse<\/em><\/p>\n<p><strong>Samedi 26 Juillet<\/strong><\/p>\n<p>A partir de <strong>43\u20ac<\/strong><\/p>\n<p><a href=\"https:\/\/www.loyet.com\/wp-content\/uploads\/2025\/06\/Programme-Journee-a-Geneve-2025.pdf\" target=\"_blank\" rel=\"noopener\">Cliquez ici pour voir le programme d\u00e9taill\u00e9<\/a><\/p>\n\t\t\t\t\t\t<\/div>\r\n\r\n\t\t\t\t\t\t\t\t\t\t\t\t\t<\/div>\r\n\t\t\t\t\t\t\t\t\t\t\t\t<div class=\"image-text-slide\">\r\n\t\t\t\t\t\t\r\n\t\t\t\t\t\t<img loading=\"lazy\" decoding=\"async\" width=\"566\" height=\"800\" src=\"https:\/\/www.loyet.com\/wp-content\/uploads\/2025\/02\/Affiche-Fete-de-la-Tulipe-1-566x800.png\" class=\"attachment-medium size-medium\" alt=\"\" srcset=\"https:\/\/www.loyet.com\/wp-content\/uploads\/2025\/02\/Affiche-Fete-de-la-Tulipe-1-566x800.png 566w, https:\/\/www.loyet.com\/wp-content\/uploads\/2025\/02\/Affiche-Fete-de-la-Tulipe-1-1357x1920.png 1357w, https:\/\/www.loyet.com\/wp-content\/uploads\/2025\/02\/Affiche-Fete-de-la-Tulipe-1-768x1086.png 768w, https:\/\/www.loyet.com\/wp-content\/uploads\/2025\/02\/Affiche-Fete-de-la-Tulipe-1-1086x1536.png 1086w, https:\/\/www.loyet.com\/wp-content\/uploads\/2025\/02\/Affiche-Fete-de-la-Tulipe-1-1x1.png 1w, https:\/\/www.loyet.com\/wp-content\/uploads\/2025\/02\/Affiche-Fete-de-la-Tulipe-1.png 1414w\" sizes=\"auto, (max-width: 566px) 100vw, 566px\" \/>\t\t\t\t\t\t<div class=\"image-text-content-container\">\r\n\t\t\t\t\t\t\t<p><strong>FETE DE LA TULIPE<\/strong><\/p>\n<p><em>Morges-Suisse<\/em><\/p>\n<p><strong>Samedi 28 Mars<\/strong><\/p>\n<p>A partir de <strong>44\u20ac<\/strong><\/p>\n<p><a href=\"https:\/\/www.loyet.com\/wp-content\/uploads\/2025\/02\/GIR_prog_Fete-des-Tulipes-Morges-2.pdf\" target=\"_blank\" rel=\"noopener\">Cliquez ici pour voir le programme d\u00e9taill\u00e9<\/a><\/p>\n\t\t\t\t\t\t<\/div>\r\n\r\n\t\t\t\t\t\t\t\t\t\t\t\t\t<\/div>\r\n\t\t\t\t\t\t\t\t\t\t\t\t<div class=\"image-text-slide\">\r\n\t\t\t\t\t\t\r\n\t\t\t\t\t\t<img loading=\"lazy\" decoding=\"async\" width=\"566\" height=\"800\" src=\"https:\/\/www.loyet.com\/wp-content\/uploads\/2025\/02\/Affiche-mer-de-glace-566x800.png\" class=\"attachment-medium size-medium\" alt=\"\" srcset=\"https:\/\/www.loyet.com\/wp-content\/uploads\/2025\/02\/Affiche-mer-de-glace-566x800.png 566w, https:\/\/www.loyet.com\/wp-content\/uploads\/2025\/02\/Affiche-mer-de-glace-1357x1920.png 1357w, https:\/\/www.loyet.com\/wp-content\/uploads\/2025\/02\/Affiche-mer-de-glace-768x1086.png 768w, https:\/\/www.loyet.com\/wp-content\/uploads\/2025\/02\/Affiche-mer-de-glace-1086x1536.png 1086w, https:\/\/www.loyet.com\/wp-content\/uploads\/2025\/02\/Affiche-mer-de-glace-1x1.png 1w, https:\/\/www.loyet.com\/wp-content\/uploads\/2025\/02\/Affiche-mer-de-glace.png 1414w\" sizes=\"auto, (max-width: 566px) 100vw, 566px\" \/>\t\t\t\t\t\t<div class=\"image-text-content-container\">\r\n\t\t\t\t\t\t\t<p><strong>MONTENVERS<\/strong><\/p>\n<p><em>MER DE GLACE<\/em><\/p>\n<p><strong>Samedi 19 avril 2025<\/strong><\/p>\n<p>A partir de <strong>76\u20ac<\/strong><\/p>\n<p><a href=\"https:\/\/www.loyet.com\/wp-content\/uploads\/2025\/02\/Prog_CHAMONIX-Montenvers-Mer-de-Glace-2025.pdf\">Cliquez ici pour voir le programme d\u00e9taill\u00e9<\/a><\/p>\n\t\t\t\t\t\t<\/div>\r\n\r\n\t\t\t\t\t\t\t\t\t\t\t\t\t<\/div>\r\n\t\t\t\t\t\t\t\t\t\t\t\t<div class=\"image-text-slide\">\r\n\t\t\t\t\t\t\r\n\t\t\t\t\t\t<img loading=\"lazy\" decoding=\"async\" width=\"566\" height=\"800\" src=\"https:\/\/www.loyet.com\/wp-content\/uploads\/2024\/12\/Affiche-Foire-St-Ours-2025-566x800.png\" class=\"attachment-medium size-medium\" alt=\"\" srcset=\"https:\/\/www.loyet.com\/wp-content\/uploads\/2024\/12\/Affiche-Foire-St-Ours-2025-566x800.png 566w, https:\/\/www.loyet.com\/wp-content\/uploads\/2024\/12\/Affiche-Foire-St-Ours-2025-1357x1920.png 1357w, https:\/\/www.loyet.com\/wp-content\/uploads\/2024\/12\/Affiche-Foire-St-Ours-2025-768x1086.png 768w, https:\/\/www.loyet.com\/wp-content\/uploads\/2024\/12\/Affiche-Foire-St-Ours-2025-1086x1536.png 1086w, https:\/\/www.loyet.com\/wp-content\/uploads\/2024\/12\/Affiche-Foire-St-Ours-2025-1x1.png 1w, https:\/\/www.loyet.com\/wp-content\/uploads\/2024\/12\/Affiche-Foire-St-Ours-2025.png 1414w\" sizes=\"auto, (max-width: 566px) 100vw, 566px\" \/>\t\t\t\t\t\t<div class=\"image-text-content-container\">\r\n\t\t\t\t\t\t\t<p style=\"text-align: left;\"><a href=\"https:\/\/www.loyet.com\/wp-content\/uploads\/2024\/12\/Programme_St-Ours-Janv-2025.pdf\"><b>FOIRE DE SAINT OURS<\/b><\/a><\/p>\n<p style=\"text-align: left;\"><em>Aoste- Italie<\/em><\/p>\n<p style=\"text-align: left;\"><strong>Jeudi 30 Janvier 2025<\/strong><\/p>\n<p style=\"text-align: left;\"><em>A partir de <strong>44\u20ac<\/strong><\/em><\/p>\n<p><a href=\"https:\/\/www.loyet.com\/wp-content\/uploads\/2024\/12\/Programme_St-Ours-Janv-2025.pdf\" target=\"_blank\" rel=\"noopener\">Cliquez ici pour voir le programme d\u00e9taill\u00e9<\/a><\/p>\n\t\t\t\t\t\t<\/div>\r\n\r\n\t\t\t\t\t\t\t\t\t\t\t\t\t<\/div>\r\n\t\t\t\t\t\t\t\t\t\t\t\t<div class=\"image-text-slide\">\r\n\t\t\t\t\t\t\r\n\t\t\t\t\t\t<img loading=\"lazy\" decoding=\"async\" width=\"566\" height=\"800\" src=\"https:\/\/www.loyet.com\/wp-content\/uploads\/2024\/10\/Affiche-FDL-2024-566x800.png\" class=\"attachment-medium size-medium\" alt=\"f\u00eate des lumi\u00e8res, Lyon, soir\u00e9,e autocar, sortie, excursion, illuminations\" srcset=\"https:\/\/www.loyet.com\/wp-content\/uploads\/2024\/10\/Affiche-FDL-2024-566x800.png 566w, https:\/\/www.loyet.com\/wp-content\/uploads\/2024\/10\/Affiche-FDL-2024-1357x1920.png 1357w, https:\/\/www.loyet.com\/wp-content\/uploads\/2024\/10\/Affiche-FDL-2024-768x1086.png 768w, https:\/\/www.loyet.com\/wp-content\/uploads\/2024\/10\/Affiche-FDL-2024-1086x1536.png 1086w, https:\/\/www.loyet.com\/wp-content\/uploads\/2024\/10\/Affiche-FDL-2024-1x1.png 1w, https:\/\/www.loyet.com\/wp-content\/uploads\/2024\/10\/Affiche-FDL-2024.png 1414w\" sizes=\"auto, (max-width: 566px) 100vw, 566px\" \/>\t\t\t\t\t\t<div class=\"image-text-content-container\">\r\n\t\t\t\t\t\t\t<p style=\"text-align: left;\"><a href=\"https:\/\/www.loyet.com\/wp-content\/uploads\/2024\/10\/GIR_prog_FETE-DES-LUMIERES-LYON_dec2024.pdf\"><b>F\u00caTE DES LUMI\u00c8RES <\/b><\/a><\/p>\n<p style=\"text-align: left;\"><em>Lyon &#8211; France<\/em><\/p>\n<p style=\"text-align: left;\"><strong>Samedi 7 D\u00e9cembre 2024<\/strong><\/p>\n<p style=\"text-align: left;\"><em>A partir de <strong>41\u20ac<\/strong><\/em><\/p>\n<p><a href=\"https:\/\/www.loyet.com\/wp-content\/uploads\/2024\/10\/GIR_prog_FETE-DES-LUMIERES-LYON_dec2024.pdf\" target=\"_blank\" rel=\"noopener\">Cliquez ici pour voir le programme d\u00e9taill\u00e9<\/a><\/p>\n\t\t\t\t\t\t<\/div>\r\n\r\n\t\t\t\t\t\t\t\t\t\t\t\t\t<\/div>\r\n\t\t\t\t\t\t\t\t\t\t\t\t<div class=\"image-text-slide\">\r\n\t\t\t\t\t\t\r\n\t\t\t\t\t\t<img loading=\"lazy\" decoding=\"async\" width=\"566\" height=\"800\" src=\"https:\/\/www.loyet.com\/wp-content\/uploads\/2024\/07\/Affiche-566x800.png\" class=\"attachment-medium size-medium\" alt=\"Turin march\u00e9 voyage autocar italie sortie bus\" srcset=\"https:\/\/www.loyet.com\/wp-content\/uploads\/2024\/07\/Affiche-566x800.png 566w, https:\/\/www.loyet.com\/wp-content\/uploads\/2024\/07\/Affiche-1357x1920.png 1357w, https:\/\/www.loyet.com\/wp-content\/uploads\/2024\/07\/Affiche-768x1086.png 768w, https:\/\/www.loyet.com\/wp-content\/uploads\/2024\/07\/Affiche-1086x1536.png 1086w, https:\/\/www.loyet.com\/wp-content\/uploads\/2024\/07\/Affiche-1448x2048.png 1448w, https:\/\/www.loyet.com\/wp-content\/uploads\/2024\/07\/Affiche-1x1.png 1w, https:\/\/www.loyet.com\/wp-content\/uploads\/2024\/07\/Affiche.png 1587w\" sizes=\"auto, (max-width: 566px) 100vw, 566px\" \/>\t\t\t\t\t\t<div class=\"image-text-content-container\">\r\n\t\t\t\t\t\t\t<p style=\"text-align: left;\"><a href=\"https:\/\/www.loyet.com\/wp-content\/uploads\/2024\/07\/Programme_Marche-de-Turin_Oct-2024.pdf\"><b>MARCHE DE TURIN<\/b><\/a><\/p>\n<p style=\"text-align: left;\"><em>Turin- Italie<\/em><\/p>\n<p style=\"text-align: left;\"><strong>Samedi 19 Octobre 2024<\/strong><\/p>\n<p style=\"text-align: left;\"><em>A partir de <strong>47\u20ac<\/strong><\/em><\/p>\n<p><a href=\"https:\/\/www.loyet.com\/wp-content\/uploads\/2024\/07\/Programme_Marche-de-Turin_Oct-2024.pdf\" target=\"_blank\" rel=\"noopener\">Cliquez ici pour voir le programme d\u00e9taill\u00e9<\/a><\/p>\n\t\t\t\t\t\t<\/div>\r\n\r\n\t\t\t\t\t\t\t\t\t\t\t\t\t<\/div>\r\n\t\t\t\t\t\t\t\t\t\t\t\t<div class=\"image-text-slide\">\r\n\t\t\t\t\t\t\r\n\t\t\t\t\t\t<img loading=\"lazy\" decoding=\"async\" width=\"566\" height=\"800\" src=\"https:\/\/www.loyet.com\/wp-content\/uploads\/2024\/02\/Affcihe-MARCHE-DE-TURIN-566x800.png\" class=\"attachment-medium size-medium\" alt=\"Turin italie autocar sortie voyage organis\u00e9 march\u00e9 samedi\" srcset=\"https:\/\/www.loyet.com\/wp-content\/uploads\/2024\/02\/Affcihe-MARCHE-DE-TURIN-566x800.png 566w, https:\/\/www.loyet.com\/wp-content\/uploads\/2024\/02\/Affcihe-MARCHE-DE-TURIN-1357x1920.png 1357w, https:\/\/www.loyet.com\/wp-content\/uploads\/2024\/02\/Affcihe-MARCHE-DE-TURIN-768x1086.png 768w, https:\/\/www.loyet.com\/wp-content\/uploads\/2024\/02\/Affcihe-MARCHE-DE-TURIN-1086x1536.png 1086w, https:\/\/www.loyet.com\/wp-content\/uploads\/2024\/02\/Affcihe-MARCHE-DE-TURIN-1448x2048.png 1448w, https:\/\/www.loyet.com\/wp-content\/uploads\/2024\/02\/Affcihe-MARCHE-DE-TURIN-1x1.png 1w, https:\/\/www.loyet.com\/wp-content\/uploads\/2024\/02\/Affcihe-MARCHE-DE-TURIN.png 1587w\" sizes=\"auto, (max-width: 566px) 100vw, 566px\" \/>\t\t\t\t\t\t<div class=\"image-text-content-container\">\r\n\t\t\t\t\t\t\t<p style=\"text-align: left;\"><a href=\"https:\/\/www.loyet.com\/wp-content\/uploads\/2024\/02\/Programme_Marche-de-Turin_Avril-2024.pdf\"><b>MARCHE DE TURIN<\/b><\/a><\/p>\n<p style=\"text-align: left;\"><em>Turin- Italie<\/em><\/p>\n<p style=\"text-align: left;\"><strong>Samedi 13 Avril 2024<\/strong><\/p>\n<p style=\"text-align: left;\"><em>A partir de <strong>47\u20ac<\/strong><\/em><\/p>\n<p><a href=\"https:\/\/www.loyet.com\/wp-content\/uploads\/2024\/02\/Programme_Marche-de-Turin_Avril-2024.pdf\" target=\"_blank\" rel=\"noopener\">Cliquez ici pour voir le programme d\u00e9taill\u00e9<\/a><\/p>\n\t\t\t\t\t\t<\/div>\r\n\r\n\t\t\t\t\t\t\t\t\t\t\t\t\t<\/div>\r\n\t\t\t\t\t\t\t\t\t\t\t\t<div class=\"image-text-slide\">\r\n\t\t\t\t\t\t\r\n\t\t\t\t\t\t<img loading=\"lazy\" decoding=\"async\" width=\"566\" height=\"800\" src=\"https:\/\/www.loyet.com\/wp-content\/uploads\/2023\/10\/Affiche-Foire-de-Saint-Ours-2024-566x800.png\" class=\"attachment-medium size-medium\" alt=\"foire saint ours italie autocar artisanat aoste\" srcset=\"https:\/\/www.loyet.com\/wp-content\/uploads\/2023\/10\/Affiche-Foire-de-Saint-Ours-2024-566x800.png 566w, https:\/\/www.loyet.com\/wp-content\/uploads\/2023\/10\/Affiche-Foire-de-Saint-Ours-2024-1357x1920.png 1357w, https:\/\/www.loyet.com\/wp-content\/uploads\/2023\/10\/Affiche-Foire-de-Saint-Ours-2024-768x1086.png 768w, https:\/\/www.loyet.com\/wp-content\/uploads\/2023\/10\/Affiche-Foire-de-Saint-Ours-2024-1086x1536.png 1086w, https:\/\/www.loyet.com\/wp-content\/uploads\/2023\/10\/Affiche-Foire-de-Saint-Ours-2024-1x1.png 1w, https:\/\/www.loyet.com\/wp-content\/uploads\/2023\/10\/Affiche-Foire-de-Saint-Ours-2024.png 1414w\" sizes=\"auto, (max-width: 566px) 100vw, 566px\" \/>\t\t\t\t\t\t<div class=\"image-text-content-container\">\r\n\t\t\t\t\t\t\t<p><a href=\"https:\/\/www.loyet.com\/wp-content\/uploads\/2023\/10\/Programme_St-Ours-Janv-2024.pdf\"><strong>FOIRE DE SAINT OURS<\/strong><\/a><\/p>\n<p><em>Aoste (Italie)<\/em><\/p>\n<p><strong>Mardi 30 Janvier 2024<\/strong><\/p>\n<p>A partir de 39\u20ac par personne.<\/p>\n<p><a href=\"https:\/\/www.loyet.com\/wp-content\/uploads\/2023\/10\/Programme_St-Ours-Janv-2024.pdf\">Cliquez ici pour voir le programme d\u00e9taill\u00e9<\/a><\/p>\n\t\t\t\t\t\t<\/div>\r\n\r\n\t\t\t\t\t\t\t\t\t\t\t\t\t<\/div>\r\n\t\t\t\t\t\t\t\t\t\t\t\t<div class=\"image-text-slide\">\r\n\t\t\t\t\t\t\r\n\t\t\t\t\t\t<img loading=\"lazy\" decoding=\"async\" width=\"566\" height=\"800\" src=\"https:\/\/www.loyet.com\/wp-content\/uploads\/2023\/06\/Affiche-GIR-Aoste-010823-2-566x800.png\" class=\"attachment-medium size-medium\" alt=\"Aoste italie march\u00e9 autocar voyages organis\u00e9s\" srcset=\"https:\/\/www.loyet.com\/wp-content\/uploads\/2023\/06\/Affiche-GIR-Aoste-010823-2-566x800.png 566w, https:\/\/www.loyet.com\/wp-content\/uploads\/2023\/06\/Affiche-GIR-Aoste-010823-2-1357x1920.png 1357w, https:\/\/www.loyet.com\/wp-content\/uploads\/2023\/06\/Affiche-GIR-Aoste-010823-2-768x1086.png 768w, https:\/\/www.loyet.com\/wp-content\/uploads\/2023\/06\/Affiche-GIR-Aoste-010823-2-1086x1536.png 1086w, https:\/\/www.loyet.com\/wp-content\/uploads\/2023\/06\/Affiche-GIR-Aoste-010823-2-1448x2048.png 1448w, https:\/\/www.loyet.com\/wp-content\/uploads\/2023\/06\/Affiche-GIR-Aoste-010823-2-1x1.png 1w, https:\/\/www.loyet.com\/wp-content\/uploads\/2023\/06\/Affiche-GIR-Aoste-010823-2.png 1587w\" sizes=\"auto, (max-width: 566px) 100vw, 566px\" \/>\t\t\t\t\t\t<div class=\"image-text-content-container\">\r\n\t\t\t\t\t\t\t<p><a href=\"https:\/\/www.loyet.com\/wp-content\/uploads\/2023\/05\/Programme_Aoste-Aout-2023.pdf\">UNE JOURN\u00c9E A AOSTE<\/a><\/p>\n<p>Aoste, Italie.<\/p>\n<p><strong>Mardi 1er Ao\u00fbt 2023<\/strong><\/p>\n<p style=\"text-align: left;\"><em>A partir de <strong>35\u20ac<\/strong> par personne.<\/em><\/p>\n<p><a href=\"https:\/\/www.loyet.com\/wp-content\/uploads\/2023\/05\/Programme_Aoste-Aout-2023.pdf\">Cliquez ici pour voir le programme d\u00e9taill\u00e9.<\/a><\/p>\n\t\t\t\t\t\t<\/div>\r\n\r\n\t\t\t\t\t\t\t\t\t\t\t\t\t<\/div>\r\n\t\t\t\t\t\t<\/div>\r\n\n\n\n<p><\/p>\n<\/div><\/div>\n\n\n\n<p class=\"has-text-align-center\"><strong>Inscriptions par t\u00e9l\u00e9phone au <a href=\"tel:+33479555625\">04 79 55 56 25<\/a> ou par mail \u00e0 <a href=\"mailto:voyages@loyet.com\">voyages@loyet.com<\/a><\/strong><\/p>\n\n\n\n<p class=\"has-text-align-center\"><a href=\"https:\/\/www.loyet.com\/wp-content\/uploads\/2025\/02\/Bulletin-dinscription-et-CGV.pdf\" target=\"_blank\" rel=\"noreferrer noopener\">Bulletin d\u2019inscription<br>CGV des sorties journ\u00e9es dat\u00e9es<\/a><\/p>\n\n\n\n<h2 class=\"wp-block-heading\" id=\"des-voyages-a-completer\"><strong><strong>Des voyages \u00e0 compl\u00e9ter<\/strong><\/strong><\/h2>\n\n\n\n<p>Vous souhaitez vous joindre \u00e0 un s\u00e9jour d\u00e9j\u00e0 lanc\u00e9 par un groupe et ouvert aux personnes ext\u00e9rieures ?&nbsp;<br>Aucun voyage n&#8217;est actuellement ouvert pour le moment. Lorsqu&#8217;un groupe d\u00e9cide d&#8217;ouvrir son s\u00e9jour aux inscriptions ext\u00e9rieures, vous en trouverez le d\u00e9tail ci-dessous. <\/p>\n\n\n\n\n\n<p class=\"has-text-align-center\"><strong>Pour plus de renseignements, merci de contacter Coline et C\u00e9cile au <a href=\"tel:+33479555625\">04 79 55 56 25<\/a> ou par mail \u00e0 <a href=\"mailto:voyages@loyet.com\">voyages@loyet.com<\/a><\/strong><\/p>\n<\/div><\/div>\n\n\n\n<div class=\"wp-block-group has-white-color has-green-background-color has-text-color has-background\"><div class=\"wp-block-group__inner-container is-layout-flow wp-block-group-is-layout-flow\">\n<h2 class=\"wp-block-heading\" id=\"securite-des-passagers-1\"><strong>Des autocars Grand Tourisme tout confort<\/strong><\/h2>\n\n\n\n<p>Voyagez tout confort avec nos autocars Grand Tourisme de 30 \u00e0 63 places adapt\u00e9 \u00e0 vos besoins, et \u00e9quip\u00e9s de&nbsp;:<\/p>\n\n\n\n<div class=\"wp-block-columns are-vertically-aligned-top is-layout-flex wp-container-core-columns-is-layout-9d6595d7 wp-block-columns-is-layout-flex\">\n<div class=\"wp-block-column is-vertically-aligned-top is-layout-flow wp-block-column-is-layout-flow\" style=\"flex-basis:30%\">\n<figure class=\"wp-block-image size-full desktop-only is-style-image-roundedborder\"><img loading=\"lazy\" decoding=\"async\" width=\"758\" height=\"850\" src=\"https:\/\/www.loyet.com\/wp-content\/uploads\/2022\/01\/autocar-loyet-02.jpg\" alt=\"\" class=\"wp-image-663\" srcset=\"https:\/\/www.loyet.com\/wp-content\/uploads\/2022\/01\/autocar-loyet-02.jpg 758w, https:\/\/www.loyet.com\/wp-content\/uploads\/2022\/01\/autocar-loyet-02-585x656.jpg 585w, https:\/\/www.loyet.com\/wp-content\/uploads\/2022\/01\/autocar-loyet-02-1x1.jpg 1w\" sizes=\"auto, (max-width: 758px) 100vw, 758px\" \/><\/figure>\n<\/div>\n\n\n\n<div class=\"wp-block-column is-vertically-aligned-top is-layout-flow wp-block-column-is-layout-flow\">\n<ul class=\"wp-block-list\">\n<li>toilettes<\/li>\n\n\n\n<li>climatisation<\/li>\n\n\n\n<li>grandes soutes&nbsp;<\/li>\n\n\n\n<li>micro<\/li>\n\n\n\n<li>t\u00e9l\u00e9vision<\/li>\n\n\n\n<li>frigo<\/li>\n\n\n\n<li>prises USB<\/li>\n\n\n\n<li>armoires \u00e0 skis<\/li>\n\n\n\n<li>remorque \u00e0 v\u00e9lo&nbsp;<\/li>\n<\/ul>\n\n\n\n<p>Et voyagez serein avec nos conducteurs courtois, exp\u00e9riment\u00e9s et form\u00e9s aux voyages longues distances et \u00e0 la conduite en montagne.<\/p>\n\n\n<a href=\"https:\/\/www.loyet.com\/location-bus-autocar\/cars-et-equipements\/\"  class=\" button button--white button--withicon button--withicon--right button--loyet button--loyet--blanc\">\r\n\t\tEn savoir plus sur nos autocars &amp; \u00e9quipements\t\r\n\t\t<svg class=\"icon-arrow\" xmlns=\"http:\/\/www.w3.org\/2000\/svg\" xml:space=\"preserve\" width=\"16.5\" height=\"15.5\" viewBox=\"0 0 16.5 15.5\">\r\n\t\t\t<path d=\"M16.5 8.1s0-.1 0 0c0-.3-.1-.6-.3-.7L9 .3a1 1 0 0 0-1.4 0 1 1 0 0 0 0 1.4L13 7.1H1c-.6 0-1 .4-1 1s.4 1 1 1h11.8l-5.2 4.6a1 1 0 0 0-.1 1.4c.2.2.5.3.7.3.2 0 .5-.1.7-.3L16 8.7c.3 0 .5-.3.5-.6z\" \/>\r\n\t\t<\/svg>\r\n\t<\/a><br><\/div>\n<\/div>\n<\/div><\/div>\n","protected":false},"excerpt":{"rendered":"<p>Seul ou en petit groupe, une journ\u00e9e ou en voyage avec un autre groupe, partez \u00e0 bord de nos autocars&nbsp;! Des excursions \u00e0 la journ\u00e9e en autocar dat\u00e9es Ce sont des excursions en bus \u00e0 la journ\u00e9e organis\u00e9s pour personnes seules ou en petit groupe au d\u00e9part des principales villes de Tarentaise en Savoie (Aime [&hellip;]<\/p>\n","protected":false},"author":1,"featured_media":1474,"parent":33,"menu_order":17,"comment_status":"closed","ping_status":"closed","template":"","meta":{"_acf_changed":false,"footnotes":""},"class_list":["post-37","page","type-page","status-publish","has-post-thumbnail","hentry"],"acf":[],"yoast_head":"<!-- This site is optimized with the Yoast SEO plugin v27.4 - https:\/\/yoast.com\/product\/yoast-seo-wordpress\/ -->\n<title>Sorties \u00e0 la journ\u00e9e et voyages pour les individuels | Voyages Loyet<\/title>\n<meta name=\"description\" content=\"Seul ou en petit groupe, une journ\u00e9e ou en voyage avec un autre groupe, profitez des sorties &amp; excursions \u00e0 la journ\u00e9e en autocar dat\u00e9es avec l&#039;agence de Voyages Loyet. Contactez-nous pour plus de renseignements\" \/>\n<meta name=\"robots\" content=\"index, follow, max-snippet:-1, max-image-preview:large, max-video-preview:-1\" \/>\n<link rel=\"canonical\" href=\"https:\/\/www.loyet.com\/en\/agence-de-voyage-autocar\/sortie-car-individuel\/\" \/>\n<meta property=\"og:locale\" content=\"en_US\" \/>\n<meta property=\"og:type\" content=\"article\" \/>\n<meta property=\"og:title\" content=\"Sorties \u00e0 la journ\u00e9e et voyages pour les individuels | Voyages Loyet\" \/>\n<meta property=\"og:description\" content=\"Seul ou en petit groupe, une journ\u00e9e ou en voyage avec un autre groupe, profitez des sorties &amp; excursions \u00e0 la journ\u00e9e en autocar dat\u00e9es avec l&#039;agence de Voyages Loyet. Contactez-nous pour plus de renseignements\" \/>\n<meta property=\"og:url\" content=\"https:\/\/www.loyet.com\/en\/agence-de-voyage-autocar\/sortie-car-individuel\/\" \/>\n<meta property=\"og:site_name\" content=\"Voyages Loyet\" \/>\n<meta property=\"article:modified_time\" content=\"2026-04-24T14:39:05+00:00\" \/>\n<meta property=\"og:image\" content=\"https:\/\/www.loyet.com\/wp-content\/uploads\/2022\/03\/annecy-g95e12ae7b_1920.jpg\" \/>\n\t<meta property=\"og:image:width\" content=\"1920\" \/>\n\t<meta property=\"og:image:height\" content=\"1270\" \/>\n\t<meta property=\"og:image:type\" content=\"image\/jpeg\" \/>\n<meta name=\"twitter:card\" content=\"summary_large_image\" \/>\n<meta name=\"twitter:label1\" content=\"Est. reading time\" \/>\n\t<meta name=\"twitter:data1\" content=\"2 minutes\" \/>\n<script type=\"application\/ld+json\" class=\"yoast-schema-graph\">{\"@context\":\"https:\\\/\\\/schema.org\",\"@graph\":[{\"@type\":\"WebPage\",\"@id\":\"https:\\\/\\\/www.loyet.com\\\/en\\\/agence-de-voyage-autocar\\\/sortie-car-individuel\\\/\",\"url\":\"https:\\\/\\\/www.loyet.com\\\/en\\\/agence-de-voyage-autocar\\\/sortie-car-individuel\\\/\",\"name\":\"Sorties \u00e0 la journ\u00e9e et voyages pour les individuels | Voyages Loyet\",\"isPartOf\":{\"@id\":\"https:\\\/\\\/www.loyet.com\\\/en\\\/#website\"},\"primaryImageOfPage\":{\"@id\":\"https:\\\/\\\/www.loyet.com\\\/en\\\/agence-de-voyage-autocar\\\/sortie-car-individuel\\\/#primaryimage\"},\"image\":{\"@id\":\"https:\\\/\\\/www.loyet.com\\\/en\\\/agence-de-voyage-autocar\\\/sortie-car-individuel\\\/#primaryimage\"},\"thumbnailUrl\":\"https:\\\/\\\/www.loyet.com\\\/wp-content\\\/uploads\\\/2022\\\/03\\\/annecy-g95e12ae7b_1920.jpg\",\"datePublished\":\"2021-12-15T13:31:56+00:00\",\"dateModified\":\"2026-04-24T14:39:05+00:00\",\"description\":\"Seul ou en petit groupe, une journ\u00e9e ou en voyage avec un autre groupe, profitez des sorties & excursions \u00e0 la journ\u00e9e en autocar dat\u00e9es avec l'agence de Voyages Loyet. Contactez-nous pour plus de renseignements\",\"breadcrumb\":{\"@id\":\"https:\\\/\\\/www.loyet.com\\\/en\\\/agence-de-voyage-autocar\\\/sortie-car-individuel\\\/#breadcrumb\"},\"inLanguage\":\"en-US\",\"potentialAction\":[{\"@type\":\"ReadAction\",\"target\":[\"https:\\\/\\\/www.loyet.com\\\/en\\\/agence-de-voyage-autocar\\\/sortie-car-individuel\\\/\"]}]},{\"@type\":\"ImageObject\",\"inLanguage\":\"en-US\",\"@id\":\"https:\\\/\\\/www.loyet.com\\\/en\\\/agence-de-voyage-autocar\\\/sortie-car-individuel\\\/#primaryimage\",\"url\":\"https:\\\/\\\/www.loyet.com\\\/wp-content\\\/uploads\\\/2022\\\/03\\\/annecy-g95e12ae7b_1920.jpg\",\"contentUrl\":\"https:\\\/\\\/www.loyet.com\\\/wp-content\\\/uploads\\\/2022\\\/03\\\/annecy-g95e12ae7b_1920.jpg\",\"width\":1920,\"height\":1270},{\"@type\":\"BreadcrumbList\",\"@id\":\"https:\\\/\\\/www.loyet.com\\\/en\\\/agence-de-voyage-autocar\\\/sortie-car-individuel\\\/#breadcrumb\",\"itemListElement\":[{\"@type\":\"ListItem\",\"position\":1,\"name\":\"Accueil\",\"item\":\"https:\\\/\\\/www.loyet.com\\\/en\\\/\"},{\"@type\":\"ListItem\",\"position\":2,\"name\":\"Agence de voyage\",\"item\":\"https:\\\/\\\/www.loyet.com\\\/en\\\/agence-de-voyage-autocar\\\/\"},{\"@type\":\"ListItem\",\"position\":3,\"name\":\"Sorties et voyages pour les individuels\"}]},{\"@type\":\"WebSite\",\"@id\":\"https:\\\/\\\/www.loyet.com\\\/en\\\/#website\",\"url\":\"https:\\\/\\\/www.loyet.com\\\/en\\\/\",\"name\":\"Voyages Loyet\",\"description\":\", autocariste &amp; agence de voyage Savoie\",\"publisher\":{\"@id\":\"https:\\\/\\\/www.loyet.com\\\/en\\\/#organization\"},\"potentialAction\":[{\"@type\":\"SearchAction\",\"target\":{\"@type\":\"EntryPoint\",\"urlTemplate\":\"https:\\\/\\\/www.loyet.com\\\/en\\\/?s={search_term_string}\"},\"query-input\":{\"@type\":\"PropertyValueSpecification\",\"valueRequired\":true,\"valueName\":\"search_term_string\"}}],\"inLanguage\":\"en-US\"},{\"@type\":\"Organization\",\"@id\":\"https:\\\/\\\/www.loyet.com\\\/en\\\/#organization\",\"name\":\"Voyages Loyet\",\"url\":\"https:\\\/\\\/www.loyet.com\\\/en\\\/\",\"logo\":{\"@type\":\"ImageObject\",\"inLanguage\":\"en-US\",\"@id\":\"https:\\\/\\\/www.loyet.com\\\/en\\\/#\\\/schema\\\/logo\\\/image\\\/\",\"url\":\"https:\\\/\\\/www.loyet.com\\\/wp-content\\\/uploads\\\/2021\\\/12\\\/logo_LOYET_QUADRI.png\",\"contentUrl\":\"https:\\\/\\\/www.loyet.com\\\/wp-content\\\/uploads\\\/2021\\\/12\\\/logo_LOYET_QUADRI.png\",\"width\":195,\"height\":51,\"caption\":\"Voyages Loyet\"},\"image\":{\"@id\":\"https:\\\/\\\/www.loyet.com\\\/en\\\/#\\\/schema\\\/logo\\\/image\\\/\"}}]}<\/script>\n<!-- \/ Yoast SEO plugin. -->","yoast_head_json":{"title":"Sorties \u00e0 la journ\u00e9e et voyages pour les individuels | Voyages Loyet","description":"Seul ou en petit groupe, une journ\u00e9e ou en voyage avec un autre groupe, profitez des sorties & excursions \u00e0 la journ\u00e9e en autocar dat\u00e9es avec l'agence de Voyages Loyet. Contactez-nous pour plus de renseignements","robots":{"index":"index","follow":"follow","max-snippet":"max-snippet:-1","max-image-preview":"max-image-preview:large","max-video-preview":"max-video-preview:-1"},"canonical":"https:\/\/www.loyet.com\/en\/agence-de-voyage-autocar\/sortie-car-individuel\/","og_locale":"en_US","og_type":"article","og_title":"Sorties \u00e0 la journ\u00e9e et voyages pour les individuels | Voyages Loyet","og_description":"Seul ou en petit groupe, une journ\u00e9e ou en voyage avec un autre groupe, profitez des sorties & excursions \u00e0 la journ\u00e9e en autocar dat\u00e9es avec l'agence de Voyages Loyet. Contactez-nous pour plus de renseignements","og_url":"https:\/\/www.loyet.com\/en\/agence-de-voyage-autocar\/sortie-car-individuel\/","og_site_name":"Voyages Loyet","article_modified_time":"2026-04-24T14:39:05+00:00","og_image":[{"width":1920,"height":1270,"url":"https:\/\/www.loyet.com\/wp-content\/uploads\/2022\/03\/annecy-g95e12ae7b_1920.jpg","type":"image\/jpeg"}],"twitter_card":"summary_large_image","twitter_misc":{"Est. reading time":"2 minutes"},"schema":{"@context":"https:\/\/schema.org","@graph":[{"@type":"WebPage","@id":"https:\/\/www.loyet.com\/en\/agence-de-voyage-autocar\/sortie-car-individuel\/","url":"https:\/\/www.loyet.com\/en\/agence-de-voyage-autocar\/sortie-car-individuel\/","name":"Sorties \u00e0 la journ\u00e9e et voyages pour les individuels | Voyages Loyet","isPartOf":{"@id":"https:\/\/www.loyet.com\/en\/#website"},"primaryImageOfPage":{"@id":"https:\/\/www.loyet.com\/en\/agence-de-voyage-autocar\/sortie-car-individuel\/#primaryimage"},"image":{"@id":"https:\/\/www.loyet.com\/en\/agence-de-voyage-autocar\/sortie-car-individuel\/#primaryimage"},"thumbnailUrl":"https:\/\/www.loyet.com\/wp-content\/uploads\/2022\/03\/annecy-g95e12ae7b_1920.jpg","datePublished":"2021-12-15T13:31:56+00:00","dateModified":"2026-04-24T14:39:05+00:00","description":"Seul ou en petit groupe, une journ\u00e9e ou en voyage avec un autre groupe, profitez des sorties & excursions \u00e0 la journ\u00e9e en autocar dat\u00e9es avec l'agence de Voyages Loyet. Contactez-nous pour plus de renseignements","breadcrumb":{"@id":"https:\/\/www.loyet.com\/en\/agence-de-voyage-autocar\/sortie-car-individuel\/#breadcrumb"},"inLanguage":"en-US","potentialAction":[{"@type":"ReadAction","target":["https:\/\/www.loyet.com\/en\/agence-de-voyage-autocar\/sortie-car-individuel\/"]}]},{"@type":"ImageObject","inLanguage":"en-US","@id":"https:\/\/www.loyet.com\/en\/agence-de-voyage-autocar\/sortie-car-individuel\/#primaryimage","url":"https:\/\/www.loyet.com\/wp-content\/uploads\/2022\/03\/annecy-g95e12ae7b_1920.jpg","contentUrl":"https:\/\/www.loyet.com\/wp-content\/uploads\/2022\/03\/annecy-g95e12ae7b_1920.jpg","width":1920,"height":1270},{"@type":"BreadcrumbList","@id":"https:\/\/www.loyet.com\/en\/agence-de-voyage-autocar\/sortie-car-individuel\/#breadcrumb","itemListElement":[{"@type":"ListItem","position":1,"name":"Accueil","item":"https:\/\/www.loyet.com\/en\/"},{"@type":"ListItem","position":2,"name":"Agence de voyage","item":"https:\/\/www.loyet.com\/en\/agence-de-voyage-autocar\/"},{"@type":"ListItem","position":3,"name":"Sorties et voyages pour les individuels"}]},{"@type":"WebSite","@id":"https:\/\/www.loyet.com\/en\/#website","url":"https:\/\/www.loyet.com\/en\/","name":"Voyages Loyet","description":", autocariste &amp; agence de voyage Savoie","publisher":{"@id":"https:\/\/www.loyet.com\/en\/#organization"},"potentialAction":[{"@type":"SearchAction","target":{"@type":"EntryPoint","urlTemplate":"https:\/\/www.loyet.com\/en\/?s={search_term_string}"},"query-input":{"@type":"PropertyValueSpecification","valueRequired":true,"valueName":"search_term_string"}}],"inLanguage":"en-US"},{"@type":"Organization","@id":"https:\/\/www.loyet.com\/en\/#organization","name":"Voyages Loyet","url":"https:\/\/www.loyet.com\/en\/","logo":{"@type":"ImageObject","inLanguage":"en-US","@id":"https:\/\/www.loyet.com\/en\/#\/schema\/logo\/image\/","url":"https:\/\/www.loyet.com\/wp-content\/uploads\/2021\/12\/logo_LOYET_QUADRI.png","contentUrl":"https:\/\/www.loyet.com\/wp-content\/uploads\/2021\/12\/logo_LOYET_QUADRI.png","width":195,"height":51,"caption":"Voyages Loyet"},"image":{"@id":"https:\/\/www.loyet.com\/en\/#\/schema\/logo\/image\/"}}]}},"_links":{"self":[{"href":"https:\/\/www.loyet.com\/en\/wp-json\/wp\/v2\/pages\/37","targetHints":{"allow":["GET"]}}],"collection":[{"href":"https:\/\/www.loyet.com\/en\/wp-json\/wp\/v2\/pages"}],"about":[{"href":"https:\/\/www.loyet.com\/en\/wp-json\/wp\/v2\/types\/page"}],"author":[{"embeddable":true,"href":"https:\/\/www.loyet.com\/en\/wp-json\/wp\/v2\/users\/1"}],"replies":[{"embeddable":true,"href":"https:\/\/www.loyet.com\/en\/wp-json\/wp\/v2\/comments?post=37"}],"version-history":[{"count":264,"href":"https:\/\/www.loyet.com\/en\/wp-json\/wp\/v2\/pages\/37\/revisions"}],"predecessor-version":[{"id":5058,"href":"https:\/\/www.loyet.com\/en\/wp-json\/wp\/v2\/pages\/37\/revisions\/5058"}],"up":[{"embeddable":true,"href":"https:\/\/www.loyet.com\/en\/wp-json\/wp\/v2\/pages\/33"}],"wp:featuredmedia":[{"embeddable":true,"href":"https:\/\/www.loyet.com\/en\/wp-json\/wp\/v2\/media\/1474"}],"wp:attachment":[{"href":"https:\/\/www.loyet.com\/en\/wp-json\/wp\/v2\/media?parent=37"}],"curies":[{"name":"wp","href":"https:\/\/api.w.org\/{rel}","templated":true}]}}